{"id":9512,"date":"2021-05-14T10:08:42","date_gmt":"2021-05-14T10:08:42","guid":{"rendered":"https:\/\/salmafurniture.pt\/feiras\/"},"modified":"2023-07-19T14:23:24","modified_gmt":"2023-07-19T14:23:24","slug":"exposicoes","status":"publish","type":"page","link":"https:\/\/salmafurniture.pt\/pt-pt\/exposicoes\/","title":{"rendered":"Exposi\u00e7\u00f5es"},"content":{"rendered":"\t\t<div data-elementor-type=\"wp-page\" data-elementor-id=\"9512\" class=\"elementor elementor-9512 elementor-3928\">\n\t\t\t\t\t\t<section class=\"elementor-section elementor-top-section elementor-element elementor-element-62550a0 elementor-section-full_width qodef-elementor-content-grid elementor-section-height-default elementor-section-height-default qodef-elementor-overlay-no\" data-id=\"62550a0\" data-element_type=\"section\">\n\t\t\t\t\t\t<div class=\"elementor-container elementor-column-gap-default\">\n\t\t\t\t\t<div class=\"elementor-column elementor-col-100 elementor-top-column elementor-element elementor-element-257df17\" data-id=\"257df17\" data-element_type=\"column\">\n\t\t\t<div class=\"elementor-widget-wrap elementor-element-populated\">\n\t\t\t\t\t\t<div class=\"elementor-element elementor-element-4563b3d elementor-widget elementor-widget-tobel_core_section_title\" data-id=\"4563b3d\" data-element_type=\"widget\" data-widget_type=\"tobel_core_section_title.default\">\n\t\t\t\t<div class=\"elementor-widget-container\">\n\t\t\t\t\t<div class=\"qodef-shortcode qodef-m qodef-section-title qodef-alignment--left\">\n\t\t<p class=\"qodef-m-subtitle\" style=\"margin-bottom: 0px;font-size: 50px\">\n\t\tMontras\t<\/p>\n\t\t<h1 class=\"qodef-m-title\" >\n\t\t\t\t\tExposi\u00e7\u00f5es\t\t\t<\/h1>\n\t<\/div>\n\t\t\t\t<\/div>\n\t\t\t\t<\/div>\n\t\t\t\t\t<\/div>\n\t\t<\/div>\n\t\t\t\t\t<\/div>\n\t\t<\/section>\n\t\t\t\t<section class=\"elementor-section elementor-top-section elementor-element elementor-element-55318d2 elementor-section-full_width qodef-elementor-content-grid qodef-extended-grid qodef-extended-grid--right elementor-section-height-default elementor-section-height-default qodef-elementor-overlay-no\" data-id=\"55318d2\" data-element_type=\"section\">\n\t\t\t\t\t\t<div class=\"elementor-container elementor-column-gap-default\">\n\t\t\t\t\t<div class=\"elementor-column elementor-col-100 elementor-top-column elementor-element elementor-element-8af77f1\" data-id=\"8af77f1\" data-element_type=\"column\">\n\t\t\t<div class=\"elementor-widget-wrap elementor-element-populated\">\n\t\t\t\t\t\t<div class=\"elementor-element elementor-element-c2190ea elementor-widget elementor-widget-tobel_core_portfolio_list\" data-id=\"c2190ea\" data-element_type=\"widget\" data-widget_type=\"tobel_core_portfolio_list.default\">\n\t\t\t\t<div class=\"elementor-widget-container\">\n\t\t\t\t\t\t\t<div class=\"qodef-content-grid qodef-swiper-nav-holder\">\n\t\t\t\t<div class=\"swiper-button-prev swiper-button-outside swiper-button-prev-679\"><svg class=\"qodef-main-arrow\" xmlns=\"http:\/\/www.w3.org\/2000\/svg\" xmlns:xlink=\"http:\/\/www.w3.org\/1999\/xlink\" x=\"0px\" y=\"0px\" viewBox=\"0 0 38 12\" xml:space=\"preserve\"><polygon points=\"38,5.37 1.5,5.37 8.21,0.54 7.87,0 0,5.68 7.61,12 7.98,11.49 1.4,6.02 38,6.02 \"\/><\/svg><svg class=\"qodef-fake-arrow\" xmlns=\"http:\/\/www.w3.org\/2000\/svg\" xmlns:xlink=\"http:\/\/www.w3.org\/1999\/xlink\" x=\"0px\" y=\"0px\" viewBox=\"0 0 38 12\" xml:space=\"preserve\"><polygon points=\"38,5.37 1.5,5.37 8.21,0.54 7.87,0 0,5.68 7.61,12 7.98,11.49 1.4,6.02 38,6.02 \"\/><\/svg><\/div>\n\t<div class=\"swiper-button-next swiper-button-outside swiper-button-next-679\"><svg class=\"qodef-main-arrow\" xmlns=\"http:\/\/www.w3.org\/2000\/svg\" xmlns:xlink=\"http:\/\/www.w3.org\/1999\/xlink\" x=\"0px\" y=\"0px\" viewBox=\"0 0 38 12\" xml:space=\"preserve\"><polygon points=\"0,5.37 36.49,5.37 29.79,0.54 30.13,0 38,5.68 30.38,12 30.01,11.49 36.6,6.02 0,6.02 \"\/><\/svg><svg class=\"qodef-fake-arrow\" xmlns=\"http:\/\/www.w3.org\/2000\/svg\" xmlns:xlink=\"http:\/\/www.w3.org\/1999\/xlink\" x=\"0px\" y=\"0px\" viewBox=\"0 0 38 12\" xml:space=\"preserve\"><polygon points=\"0,5.37 36.49,5.37 29.79,0.54 30.13,0 38,5.68 30.38,12 30.01,11.49 36.6,6.02 0,6.02 \"\/><\/svg><\/div>\n\t\t<\/div>\n\t<div class=\"qodef-shortcode qodef-m qodef-portfolio-list qodef-item-layout--info-on-hover qodef-grid qodef-swiper-container qodef-gutter--normal qodef-col-num--3 qodef-item-layout--info-on-hover qodef--no-bottom-space qodef-pagination--off qodef-responsive--predefined qodef-hover-animation--fade-in\" data-options=\"{&quot;effect&quot;:&quot;&quot;,&quot;sliderScroll&quot;:false,&quot;slidesPerGroup&quot;:&quot;&quot;,&quot;centeredSlides&quot;:false,&quot;slidesPerView&quot;:&quot;3&quot;,&quot;spaceBetween&quot;:30,&quot;loop&quot;:true,&quot;autoplay&quot;:true,&quot;speed&quot;:&quot;&quot;,&quot;speedAnimation&quot;:&quot;&quot;,&quot;outsideNavigation&quot;:&quot;yes&quot;,&quot;unique&quot;:679}\">\n\t<div class=\"swiper-wrapper\">\n\t\t<p class=\"qodef-m-posts-not-found qodef-grid-item\">No posts were found for provided query parameters.<\/p>\n\t<\/div>\n\t<\/div>\n\t\t\t\t<\/div>\n\t\t\t\t<\/div>\n\t\t\t\t\t<\/div>\n\t\t<\/div>\n\t\t\t\t\t<\/div>\n\t\t<\/section>\n\t\t\t\t<\/div>\n\t\t","protected":false},"excerpt":{"rendered":"<p>Montras Exposi\u00e7\u00f5es No posts were found for provided query parameters.<\/p>\n","protected":false},"author":1,"featured_media":12039,"parent":0,"menu_order":0,"comment_status":"closed","ping_status":"closed","template":"page-full-width.php","meta":{"_acf_changed":false,"_monsterinsights_skip_tracking":false,"_monsterinsights_sitenote_active":false,"_monsterinsights_sitenote_note":"","_monsterinsights_sitenote_category":0,"footnotes":""},"class_list":["post-9512","page","type-page","status-publish","has-post-thumbnail","hentry"],"acf":[],"yoast_head":"<!-- This site is optimized with the Yoast SEO plugin v26.7 - https:\/\/yoast.com\/wordpress\/plugins\/seo\/ -->\n<title>Exposi\u00e7\u00f5es - Salma Furniture<\/title>\n<meta name=\"description\" content=\"A Salma \u00e9 um fabricante portugu\u00eas de mobili\u00e1rio de luxo feito \u00e0 medida, incluindo estofos, marcenaria e serralharia.\" \/>\n<meta name=\"robots\" content=\"index, follow, max-snippet:-1, max-image-preview:large, max-video-preview:-1\" \/>\n<link rel=\"canonical\" href=\"https:\/\/salmafurniture.pt\/pt-pt\/exposicoes\/\" \/>\n<meta property=\"og:locale\" content=\"pt_PT\" \/>\n<meta property=\"og:type\" content=\"article\" \/>\n<meta property=\"og:title\" content=\"Exposi\u00e7\u00f5es - Salma Furniture\" \/>\n<meta property=\"og:description\" content=\"A Salma \u00e9 um fabricante portugu\u00eas de mobili\u00e1rio de luxo feito \u00e0 medida, incluindo estofos, marcenaria e serralharia.\" \/>\n<meta property=\"og:url\" content=\"https:\/\/salmafurniture.pt\/pt-pt\/exposicoes\/\" \/>\n<meta property=\"og:site_name\" content=\"Salma Furniture\" \/>\n<meta property=\"article:modified_time\" content=\"2023-07-19T14:23:24+00:00\" \/>\n<meta property=\"og:image\" content=\"https:\/\/salmafurniture.pt\/wp-content\/uploads\/2022\/03\/img_social.jpg\" \/>\n<meta name=\"twitter:card\" content=\"summary_large_image\" \/>\n<meta name=\"twitter:label1\" content=\"Tempo estimado de leitura\" \/>\n\t<meta name=\"twitter:data1\" content=\"3 minutos\" \/>\n<script type=\"application\/ld+json\" class=\"yoast-schema-graph\">{\"@context\":\"https:\/\/schema.org\",\"@graph\":[{\"@type\":\"WebPage\",\"@id\":\"https:\/\/salmafurniture.pt\/pt-pt\/exposicoes\/\",\"url\":\"https:\/\/salmafurniture.pt\/pt-pt\/exposicoes\/\",\"name\":\"Exposi\u00e7\u00f5es - Salma Furniture\",\"isPartOf\":{\"@id\":\"https:\/\/salmafurniture.pt\/pt-pt\/#website\"},\"primaryImageOfPage\":{\"@id\":\"https:\/\/salmafurniture.pt\/pt-pt\/exposicoes\/#primaryimage\"},\"image\":{\"@id\":\"https:\/\/salmafurniture.pt\/pt-pt\/exposicoes\/#primaryimage\"},\"thumbnailUrl\":\"https:\/\/salmafurniture.pt\/wp-content\/uploads\/2024\/02\/maisonobjet_2024_salma_furniture.jpg\",\"datePublished\":\"2021-05-14T10:08:42+00:00\",\"dateModified\":\"2023-07-19T14:23:24+00:00\",\"description\":\"A Salma \u00e9 um fabricante portugu\u00eas de mobili\u00e1rio de luxo feito \u00e0 medida, incluindo estofos, marcenaria e serralharia.\",\"breadcrumb\":{\"@id\":\"https:\/\/salmafurniture.pt\/pt-pt\/exposicoes\/#breadcrumb\"},\"inLanguage\":\"pt-PT\",\"potentialAction\":[{\"@type\":\"ReadAction\",\"target\":[\"https:\/\/salmafurniture.pt\/pt-pt\/exposicoes\/\"]}]},{\"@type\":\"ImageObject\",\"inLanguage\":\"pt-PT\",\"@id\":\"https:\/\/salmafurniture.pt\/pt-pt\/exposicoes\/#primaryimage\",\"url\":\"https:\/\/salmafurniture.pt\/wp-content\/uploads\/2024\/02\/maisonobjet_2024_salma_furniture.jpg\",\"contentUrl\":\"https:\/\/salmafurniture.pt\/wp-content\/uploads\/2024\/02\/maisonobjet_2024_salma_furniture.jpg\",\"width\":2500,\"height\":2000},{\"@type\":\"BreadcrumbList\",\"@id\":\"https:\/\/salmafurniture.pt\/pt-pt\/exposicoes\/#breadcrumb\",\"itemListElement\":[{\"@type\":\"ListItem\",\"position\":1,\"name\":\"In\u00edcio\",\"item\":\"https:\/\/salmafurniture.pt\/pt-pt\/\"},{\"@type\":\"ListItem\",\"position\":2,\"name\":\"Exposi\u00e7\u00f5es\"}]},{\"@type\":\"WebSite\",\"@id\":\"https:\/\/salmafurniture.pt\/pt-pt\/#website\",\"url\":\"https:\/\/salmafurniture.pt\/pt-pt\/\",\"name\":\"Salma Furniture\",\"description\":\"\",\"publisher\":{\"@id\":\"https:\/\/salmafurniture.pt\/pt-pt\/#organization\"},\"potentialAction\":[{\"@type\":\"SearchAction\",\"target\":{\"@type\":\"EntryPoint\",\"urlTemplate\":\"https:\/\/salmafurniture.pt\/pt-pt\/?s={search_term_string}\"},\"query-input\":{\"@type\":\"PropertyValueSpecification\",\"valueRequired\":true,\"valueName\":\"search_term_string\"}}],\"inLanguage\":\"pt-PT\"},{\"@type\":\"Organization\",\"@id\":\"https:\/\/salmafurniture.pt\/pt-pt\/#organization\",\"name\":\"Salma Furniture\",\"url\":\"https:\/\/salmafurniture.pt\/pt-pt\/\",\"logo\":{\"@type\":\"ImageObject\",\"inLanguage\":\"pt-PT\",\"@id\":\"https:\/\/salmafurniture.pt\/pt-pt\/#\/schema\/logo\/image\/\",\"url\":\"https:\/\/salmafurniture.pt\/wp-content\/uploads\/2022\/02\/SALMA_logotipo.png\",\"contentUrl\":\"https:\/\/salmafurniture.pt\/wp-content\/uploads\/2022\/02\/SALMA_logotipo.png\",\"width\":301,\"height\":81,\"caption\":\"Salma Furniture\"},\"image\":{\"@id\":\"https:\/\/salmafurniture.pt\/pt-pt\/#\/schema\/logo\/image\/\"}}]}<\/script>\n<!-- \/ Yoast SEO plugin. -->","yoast_head_json":{"title":"Exposi\u00e7\u00f5es - Salma Furniture","description":"A Salma \u00e9 um fabricante portugu\u00eas de mobili\u00e1rio de luxo feito \u00e0 medida, incluindo estofos, marcenaria e serralharia.","robots":{"index":"index","follow":"follow","max-snippet":"max-snippet:-1","max-image-preview":"max-image-preview:large","max-video-preview":"max-video-preview:-1"},"canonical":"https:\/\/salmafurniture.pt\/pt-pt\/exposicoes\/","og_locale":"pt_PT","og_type":"article","og_title":"Exposi\u00e7\u00f5es - Salma Furniture","og_description":"A Salma \u00e9 um fabricante portugu\u00eas de mobili\u00e1rio de luxo feito \u00e0 medida, incluindo estofos, marcenaria e serralharia.","og_url":"https:\/\/salmafurniture.pt\/pt-pt\/exposicoes\/","og_site_name":"Salma Furniture","article_modified_time":"2023-07-19T14:23:24+00:00","og_image":[{"url":"https:\/\/salmafurniture.pt\/wp-content\/uploads\/2022\/03\/img_social.jpg","type":"","width":"","height":""}],"twitter_card":"summary_large_image","twitter_misc":{"Tempo estimado de leitura":"3 minutos"},"schema":{"@context":"https:\/\/schema.org","@graph":[{"@type":"WebPage","@id":"https:\/\/salmafurniture.pt\/pt-pt\/exposicoes\/","url":"https:\/\/salmafurniture.pt\/pt-pt\/exposicoes\/","name":"Exposi\u00e7\u00f5es - Salma Furniture","isPartOf":{"@id":"https:\/\/salmafurniture.pt\/pt-pt\/#website"},"primaryImageOfPage":{"@id":"https:\/\/salmafurniture.pt\/pt-pt\/exposicoes\/#primaryimage"},"image":{"@id":"https:\/\/salmafurniture.pt\/pt-pt\/exposicoes\/#primaryimage"},"thumbnailUrl":"https:\/\/salmafurniture.pt\/wp-content\/uploads\/2024\/02\/maisonobjet_2024_salma_furniture.jpg","datePublished":"2021-05-14T10:08:42+00:00","dateModified":"2023-07-19T14:23:24+00:00","description":"A Salma \u00e9 um fabricante portugu\u00eas de mobili\u00e1rio de luxo feito \u00e0 medida, incluindo estofos, marcenaria e serralharia.","breadcrumb":{"@id":"https:\/\/salmafurniture.pt\/pt-pt\/exposicoes\/#breadcrumb"},"inLanguage":"pt-PT","potentialAction":[{"@type":"ReadAction","target":["https:\/\/salmafurniture.pt\/pt-pt\/exposicoes\/"]}]},{"@type":"ImageObject","inLanguage":"pt-PT","@id":"https:\/\/salmafurniture.pt\/pt-pt\/exposicoes\/#primaryimage","url":"https:\/\/salmafurniture.pt\/wp-content\/uploads\/2024\/02\/maisonobjet_2024_salma_furniture.jpg","contentUrl":"https:\/\/salmafurniture.pt\/wp-content\/uploads\/2024\/02\/maisonobjet_2024_salma_furniture.jpg","width":2500,"height":2000},{"@type":"BreadcrumbList","@id":"https:\/\/salmafurniture.pt\/pt-pt\/exposicoes\/#breadcrumb","itemListElement":[{"@type":"ListItem","position":1,"name":"In\u00edcio","item":"https:\/\/salmafurniture.pt\/pt-pt\/"},{"@type":"ListItem","position":2,"name":"Exposi\u00e7\u00f5es"}]},{"@type":"WebSite","@id":"https:\/\/salmafurniture.pt\/pt-pt\/#website","url":"https:\/\/salmafurniture.pt\/pt-pt\/","name":"Salma Furniture","description":"","publisher":{"@id":"https:\/\/salmafurniture.pt\/pt-pt\/#organization"},"potentialAction":[{"@type":"SearchAction","target":{"@type":"EntryPoint","urlTemplate":"https:\/\/salmafurniture.pt\/pt-pt\/?s={search_term_string}"},"query-input":{"@type":"PropertyValueSpecification","valueRequired":true,"valueName":"search_term_string"}}],"inLanguage":"pt-PT"},{"@type":"Organization","@id":"https:\/\/salmafurniture.pt\/pt-pt\/#organization","name":"Salma Furniture","url":"https:\/\/salmafurniture.pt\/pt-pt\/","logo":{"@type":"ImageObject","inLanguage":"pt-PT","@id":"https:\/\/salmafurniture.pt\/pt-pt\/#\/schema\/logo\/image\/","url":"https:\/\/salmafurniture.pt\/wp-content\/uploads\/2022\/02\/SALMA_logotipo.png","contentUrl":"https:\/\/salmafurniture.pt\/wp-content\/uploads\/2022\/02\/SALMA_logotipo.png","width":301,"height":81,"caption":"Salma Furniture"},"image":{"@id":"https:\/\/salmafurniture.pt\/pt-pt\/#\/schema\/logo\/image\/"}}]}},"_links":{"self":[{"href":"https:\/\/salmafurniture.pt\/pt-pt\/wp-json\/wp\/v2\/pages\/9512","targetHints":{"allow":["GET"]}}],"collection":[{"href":"https:\/\/salmafurniture.pt\/pt-pt\/wp-json\/wp\/v2\/pages"}],"about":[{"href":"https:\/\/salmafurniture.pt\/pt-pt\/wp-json\/wp\/v2\/types\/page"}],"author":[{"embeddable":true,"href":"https:\/\/salmafurniture.pt\/pt-pt\/wp-json\/wp\/v2\/users\/1"}],"replies":[{"embeddable":true,"href":"https:\/\/salmafurniture.pt\/pt-pt\/wp-json\/wp\/v2\/comments?post=9512"}],"version-history":[{"count":0,"href":"https:\/\/salmafurniture.pt\/pt-pt\/wp-json\/wp\/v2\/pages\/9512\/revisions"}],"wp:featuredmedia":[{"embeddable":true,"href":"https:\/\/salmafurniture.pt\/pt-pt\/wp-json\/wp\/v2\/media\/12039"}],"wp:attachment":[{"href":"https:\/\/salmafurniture.pt\/pt-pt\/wp-json\/wp\/v2\/media?parent=9512"}],"curies":[{"name":"wp","href":"https:\/\/api.w.org\/{rel}","templated":true}]}}